{"id":135,"date":"2023-02-10T17:22:40","date_gmt":"2023-02-10T17:22:40","guid":{"rendered":"https:\/\/neu.therapie-ori.de\/?page_id=135"},"modified":"2023-07-18T12:19:25","modified_gmt":"2023-07-18T12:19:25","slug":"startseite","status":"publish","type":"page","link":"https:\/\/therapie-ori.de\/","title":{"rendered":"Startseite"},"content":{"rendered":"\t\t<div data-elementor-type=\"wp-page\" data-elementor-id=\"135\" class=\"elementor elementor-135\">\n\t\t\t\t\t\t<section class=\"elementor-section elementor-top-section elementor-element elementor-element-5eed2ef2 elementor-section-boxed elementor-section-height-default elementor-section-height-default\" data-id=\"5eed2ef2\" data-element_type=\"section\">\n\t\t\t\t\t\t<div class=\"elementor-container elementor-column-gap-default\">\n\t\t\t\t\t<div class=\"elementor-column elementor-col-100 elementor-top-column elementor-element elementor-element-439a109c\" data-id=\"439a109c\" data-element_type=\"column\" data-settings=\"{&quot;background_background&quot;:&quot;classic&quot;}\">\n\t\t\t<div class=\"elementor-widget-wrap elementor-element-populated\">\n\t\t\t\t\t\t<div class=\"elementor-element elementor-element-7f1755f7 elementor-widget elementor-widget-image\" data-id=\"7f1755f7\" data-element_type=\"widget\" data-widget_type=\"image.default\">\n\t\t\t\t<div class=\"elementor-widget-container\">\n\t\t\t\t\t\t\t\t\t\t\t\t\t\t\t<img fetchpriority=\"high\" decoding=\"async\" width=\"800\" height=\"81\" src=\"https:\/\/therapie-ori.de\/wp-content\/uploads\/2023\/02\/header2-2.jpg\" class=\"attachment-large size-large wp-image-909\" alt=\"\" srcset=\"https:\/\/therapie-ori.de\/wp-content\/uploads\/2023\/02\/header2-2.jpg 800w, https:\/\/therapie-ori.de\/wp-content\/uploads\/2023\/02\/header2-2-300x30.jpg 300w, https:\/\/therapie-ori.de\/wp-content\/uploads\/2023\/02\/header2-2-768x78.jpg 768w\" sizes=\"(max-width: 800px) 100vw, 800px\" \/>\t\t\t\t\t\t\t\t\t\t\t\t\t\t\t<\/div>\n\t\t\t\t<\/div>\n\t\t\t\t\t<\/div>\n\t\t<\/div>\n\t\t\t\t\t<\/div>\n\t\t<\/section>\n\t\t\t\t<section class=\"elementor-section elementor-top-section elementor-element elementor-element-4657578a elementor-section-boxed elementor-section-height-default elementor-section-height-default\" data-id=\"4657578a\" data-element_type=\"section\">\n\t\t\t\t\t\t<div class=\"elementor-container elementor-column-gap-default\">\n\t\t\t\t\t<div class=\"elementor-column elementor-col-100 elementor-top-column elementor-element elementor-element-77799a0b\" data-id=\"77799a0b\" data-element_type=\"column\" data-settings=\"{&quot;background_background&quot;:&quot;classic&quot;}\">\n\t\t\t<div class=\"elementor-widget-wrap elementor-element-populated\">\n\t\t\t\t\t\t<section class=\"elementor-section elementor-inner-section elementor-element elementor-element-2c2c7704 elementor-section-boxed elementor-section-height-default elementor-section-height-default\" data-id=\"2c2c7704\" data-element_type=\"section\">\n\t\t\t\t\t\t<div class=\"elementor-container elementor-column-gap-default\">\n\t\t\t\t\t<div class=\"elementor-column elementor-col-50 elementor-inner-column elementor-element elementor-element-19211a41\" data-id=\"19211a41\" data-element_type=\"column\">\n\t\t\t<div class=\"elementor-widget-wrap elementor-element-populated\">\n\t\t\t\t\t\t<div class=\"elementor-element elementor-element-26796b3c elementor-widget elementor-widget-text-editor\" data-id=\"26796b3c\" data-element_type=\"widget\" data-widget_type=\"text-editor.default\">\n\t\t\t\t<div class=\"elementor-widget-container\">\n\t\t\t\t\t\t\t\t\t<div class=\"promo\">\n<h4>Herzlich willkommen<br>auf unserer Homepage!<\/h4>\n<p>Unsere Praxisgemeinschaft besteht seit Februar 2006 und ist in Oberriexingen und Umgebung gut bekannt. Als Ergotherapeutin, Physiotherapeut:innen und Heilpraktikerin legen wir Wert auf Ihre pers\u00f6nliche Betreuung. Wir behandeln Sie spezifisch oder auch gemeinsam in Erg\u00e4nzung der M\u00f6glichkeiten unserer Therapieformen.<\/p>\n<\/div>\t\t\t\t\t\t\t\t<\/div>\n\t\t\t\t<\/div>\n\t\t\t\t\t<\/div>\n\t\t<\/div>\n\t\t\t\t<div class=\"elementor-column elementor-col-50 elementor-inner-column elementor-element elementor-element-5507e2a6\" data-id=\"5507e2a6\" data-element_type=\"column\">\n\t\t\t<div class=\"elementor-widget-wrap elementor-element-populated\">\n\t\t\t\t\t\t<div class=\"elementor-element elementor-element-5a7812fd elementor-widget elementor-widget-image\" data-id=\"5a7812fd\" data-element_type=\"widget\" data-widget_type=\"image.default\">\n\t\t\t\t<div class=\"elementor-widget-container\">\n\t\t\t\t\t\t\t\t\t\t\t\t\t\t\t<img decoding=\"async\" width=\"507\" height=\"277\" src=\"https:\/\/therapie-ori.de\/wp-content\/uploads\/2023\/02\/Billd-Startseite.jpg\" class=\"attachment-full size-full wp-image-911\" alt=\"\" srcset=\"https:\/\/therapie-ori.de\/wp-content\/uploads\/2023\/02\/Billd-Startseite.jpg 507w, https:\/\/therapie-ori.de\/wp-content\/uploads\/2023\/02\/Billd-Startseite-300x164.jpg 300w\" sizes=\"(max-width: 507px) 100vw, 507px\" \/>\t\t\t\t\t\t\t\t\t\t\t\t\t\t\t<\/div>\n\t\t\t\t<\/div>\n\t\t\t\t\t<\/div>\n\t\t<\/div>\n\t\t\t\t\t<\/div>\n\t\t<\/section>\n\t\t\t\t\t<\/div>\n\t\t<\/div>\n\t\t\t\t\t<\/div>\n\t\t<\/section>\n\t\t\t\t<section class=\"elementor-section elementor-top-section elementor-element elementor-element-1289dc53 elementor-section-boxed elementor-section-height-default elementor-section-height-default\" data-id=\"1289dc53\" data-element_type=\"section\">\n\t\t\t\t\t\t<div class=\"elementor-container elementor-column-gap-default\">\n\t\t\t\t\t<div class=\"elementor-column elementor-col-100 elementor-top-column elementor-element elementor-element-2b6d9ab1\" data-id=\"2b6d9ab1\" data-element_type=\"column\" data-settings=\"{&quot;background_background&quot;:&quot;classic&quot;}\">\n\t\t\t<div class=\"elementor-widget-wrap elementor-element-populated\">\n\t\t\t\t\t\t<div class=\"elementor-element elementor-element-7db54f97 elementor-widget-divider--view-line_icon elementor-view-default elementor-widget-divider--element-align-center elementor-widget elementor-widget-divider\" data-id=\"7db54f97\" data-element_type=\"widget\" data-widget_type=\"divider.default\">\n\t\t\t\t<div class=\"elementor-widget-container\">\n\t\t\t\t\t\t\t<div class=\"elementor-divider\">\n\t\t\t<span class=\"elementor-divider-separator\">\n\t\t\t\t\t\t\t<div class=\"elementor-icon elementor-divider__element\">\n\t\t\t\t\t<i aria-hidden=\"true\" class=\"fas fa-yin-yang\"><\/i><\/div>\n\t\t\t\t\t\t<\/span>\n\t\t<\/div>\n\t\t\t\t\t\t<\/div>\n\t\t\t\t<\/div>\n\t\t\t\t\t<\/div>\n\t\t<\/div>\n\t\t\t\t\t<\/div>\n\t\t<\/section>\n\t\t\t\t<section class=\"elementor-section elementor-top-section elementor-element elementor-element-360aeffd elementor-section-boxed elementor-section-height-default elementor-section-height-default\" data-id=\"360aeffd\" data-element_type=\"section\">\n\t\t\t\t\t\t<div class=\"elementor-container elementor-column-gap-default\">\n\t\t\t\t\t<div class=\"elementor-column elementor-col-25 elementor-top-column elementor-element elementor-element-23f51bcb\" data-id=\"23f51bcb\" data-element_type=\"column\" data-settings=\"{&quot;background_background&quot;:&quot;classic&quot;}\">\n\t\t\t<div class=\"elementor-widget-wrap elementor-element-populated\">\n\t\t\t\t\t\t<div class=\"elementor-element elementor-element-47c30b2 elementor-widget elementor-widget-image\" data-id=\"47c30b2\" data-element_type=\"widget\" data-widget_type=\"image.default\">\n\t\t\t\t<div class=\"elementor-widget-container\">\n\t\t\t\t\t\t\t\t\t\t\t\t\t\t\t\t<a href=\"https:\/\/therapie-ori.de\/hillig-ruhland\/\" target=\"_blank\">\n\t\t\t\t\t\t\t<img decoding=\"async\" width=\"132\" height=\"134\" src=\"https:\/\/therapie-ori.de\/wp-content\/uploads\/2023\/02\/Logo_Hillig-Ruhland.png\" class=\"attachment-large size-large wp-image-27\" alt=\"\" \/>\t\t\t\t\t\t\t\t<\/a>\n\t\t\t\t\t\t\t\t\t\t\t\t\t\t\t<\/div>\n\t\t\t\t<\/div>\n\t\t\t\t\t<\/div>\n\t\t<\/div>\n\t\t\t\t<div class=\"elementor-column elementor-col-25 elementor-top-column elementor-element elementor-element-6d81cafd\" data-id=\"6d81cafd\" data-element_type=\"column\" data-settings=\"{&quot;background_background&quot;:&quot;classic&quot;}\">\n\t\t\t<div class=\"elementor-widget-wrap elementor-element-populated\">\n\t\t\t\t\t\t<div class=\"elementor-element elementor-element-1395e6a0 elementor-widget elementor-widget-text-editor\" data-id=\"1395e6a0\" data-element_type=\"widget\" data-widget_type=\"text-editor.default\">\n\t\t\t\t<div class=\"elementor-widget-container\">\n\t\t\t\t\t\t\t\t\t<p><strong>Ergotherapeutische Praxis<\/strong><\/p><p>Karin Hillig-Ruhland<br \/>Tel.: 07042 917315<\/p><p><strong><a href=\"https:\/\/therapie-ori.de\/hillig-ruhland\/\" target=\"_blank\" rel=\"noopener\" data-wplink-edit=\"true\">&#8211;&gt; zur Praxisseite<\/a><\/strong><\/p>\t\t\t\t\t\t\t\t<\/div>\n\t\t\t\t<\/div>\n\t\t\t\t\t<\/div>\n\t\t<\/div>\n\t\t\t\t<div class=\"elementor-column elementor-col-25 elementor-top-column elementor-element elementor-element-20eaedbc\" data-id=\"20eaedbc\" data-element_type=\"column\" data-settings=\"{&quot;background_background&quot;:&quot;classic&quot;}\">\n\t\t\t<div class=\"elementor-widget-wrap elementor-element-populated\">\n\t\t\t\t\t\t<div class=\"elementor-element elementor-element-2343ddb7 elementor-widget elementor-widget-text-editor\" data-id=\"2343ddb7\" data-element_type=\"widget\" data-widget_type=\"text-editor.default\">\n\t\t\t\t<div class=\"elementor-widget-container\">\n\t\t\t\t\t\t\t\t\t<p><strong>Praxis f\u00fcr Physiotherapie<\/strong><br \/><strong>Praxis f\u00fcr Naturheilkunde<\/strong><\/p><p>Beate Fetzer &amp; Moritz Fetzer<\/p><p>Tel.: Physiotherapie:\u00a0 07042 2887889<br \/>Tel.: Naturheilpraxis: 07042 9669341<\/p><p><a href=\"https:\/\/therapie-ori.de\/index.php\/herzlich-willkommen\/\" target=\"_blank\" rel=\"noopener\"><strong>&#8211;&gt; zur Praxisseite<\/strong><\/a><\/p>\t\t\t\t\t\t\t\t<\/div>\n\t\t\t\t<\/div>\n\t\t\t\t\t<\/div>\n\t\t<\/div>\n\t\t\t\t<div class=\"elementor-column elementor-col-25 elementor-top-column elementor-element elementor-element-381d1533\" data-id=\"381d1533\" data-element_type=\"column\" data-settings=\"{&quot;background_background&quot;:&quot;classic&quot;}\">\n\t\t\t<div class=\"elementor-widget-wrap elementor-element-populated\">\n\t\t\t\t\t\t<div class=\"elementor-element elementor-element-cada95d elementor-widget elementor-widget-image\" data-id=\"cada95d\" data-element_type=\"widget\" data-widget_type=\"image.default\">\n\t\t\t\t<div class=\"elementor-widget-container\">\n\t\t\t\t\t\t\t\t\t\t\t\t\t\t\t\t<a href=\"https:\/\/neu.therapie-ori.de\/index.php\/herzlich-willkommen\/\" target=\"_blank\">\n\t\t\t\t\t\t\t<img loading=\"lazy\" decoding=\"async\" width=\"300\" height=\"300\" src=\"https:\/\/therapie-ori.de\/wp-content\/uploads\/2023\/02\/LOGO_Fetzer_rund-300x300.png\" class=\"attachment-medium size-medium wp-image-908\" alt=\"\" srcset=\"https:\/\/therapie-ori.de\/wp-content\/uploads\/2023\/02\/LOGO_Fetzer_rund-300x300.png 300w, https:\/\/therapie-ori.de\/wp-content\/uploads\/2023\/02\/LOGO_Fetzer_rund-1024x1024.png 1024w, https:\/\/therapie-ori.de\/wp-content\/uploads\/2023\/02\/LOGO_Fetzer_rund-150x150.png 150w, https:\/\/therapie-ori.de\/wp-content\/uploads\/2023\/02\/LOGO_Fetzer_rund-768x768.png 768w, https:\/\/therapie-ori.de\/wp-content\/uploads\/2023\/02\/LOGO_Fetzer_rund-270x270.png 270w, https:\/\/therapie-ori.de\/wp-content\/uploads\/2023\/02\/LOGO_Fetzer_rund-230x230.png 230w, https:\/\/therapie-ori.de\/wp-content\/uploads\/2023\/02\/LOGO_Fetzer_rund.png 1371w\" sizes=\"(max-width: 300px) 100vw, 300px\" \/>\t\t\t\t\t\t\t\t<\/a>\n\t\t\t\t\t\t\t\t\t\t\t\t\t\t\t<\/div>\n\t\t\t\t<\/div>\n\t\t\t\t\t<\/div>\n\t\t<\/div>\n\t\t\t\t\t<\/div>\n\t\t<\/section>\n\t\t\t\t<\/div>\n\t\t","protected":false},"excerpt":{"rendered":"<p>Herzlich willkommenauf unserer Homepage! Unsere Praxisgemeinschaft besteht seit Februar 2006 und ist in Oberriexingen und Umgebung gut bekannt. Als Ergotherapeutin, Physiotherapeut:innen und Heilpraktikerin legen wir Wert auf Ihre pers\u00f6nliche Betreuung. Wir behandeln Sie spezifisch oder auch gemeinsam in Erg\u00e4nzung der M\u00f6glichkeiten unserer Therapieformen. Ergotherapeutische Praxis Karin Hillig-RuhlandTel.: 07042 917315 &#8211;&gt; zur Praxisseite Praxis f\u00fcr PhysiotherapiePraxis&hellip;&nbsp;<a href=\"https:\/\/therapie-ori.de\/\" class=\"\" rel=\"bookmark\">Weiterlesen &raquo;<span class=\"screen-reader-text\">Startseite<\/span><\/a><\/p>\n","protected":false},"author":1,"featured_media":0,"parent":0,"menu_order":0,"comment_status":"closed","ping_status":"closed","template":"elementor_canvas","meta":{"neve_meta_sidebar":"","neve_meta_container":"","neve_meta_enable_content_width":"","neve_meta_content_width":0,"neve_meta_title_alignment":"","neve_meta_author_avatar":"","neve_post_elements_order":"","neve_meta_disable_header":"","neve_meta_disable_footer":"","neve_meta_disable_title":"","footnotes":""},"class_list":["post-135","page","type-page","status-publish","hentry"],"yoast_head":"<!-- This site is optimized with the Yoast SEO plugin v25.4 - https:\/\/yoast.com\/wordpress\/plugins\/seo\/ -->\n<title>Startseite -<\/title>\n<meta name=\"robots\" content=\"index, follow, max-snippet:-1, max-image-preview:large, max-video-preview:-1\" \/>\n<link rel=\"canonical\" href=\"https:\/\/therapie-ori.de\/\" \/>\n<meta property=\"og:locale\" content=\"de_DE\" \/>\n<meta property=\"og:type\" content=\"article\" \/>\n<meta property=\"og:title\" content=\"Startseite -\" \/>\n<meta property=\"og:description\" content=\"Herzlich willkommenauf unserer Homepage! Unsere Praxisgemeinschaft besteht seit Februar 2006 und ist in Oberriexingen und Umgebung gut bekannt. Als Ergotherapeutin, Physiotherapeut:innen und Heilpraktikerin legen wir Wert auf Ihre pers\u00f6nliche Betreuung. Wir behandeln Sie spezifisch oder auch gemeinsam in Erg\u00e4nzung der M\u00f6glichkeiten unserer Therapieformen. Ergotherapeutische Praxis Karin Hillig-RuhlandTel.: 07042 917315 &#8211;&gt; zur Praxisseite Praxis f\u00fcr PhysiotherapiePraxis&hellip;&nbsp;Weiterlesen &raquo;Startseite\" \/>\n<meta property=\"og:url\" content=\"https:\/\/therapie-ori.de\/\" \/>\n<meta property=\"article:modified_time\" content=\"2023-07-18T12:19:25+00:00\" \/>\n<meta property=\"og:image\" content=\"https:\/\/therapie-ori.de\/wp-content\/uploads\/2023\/02\/header2-2.jpg\" \/>\n<meta name=\"twitter:card\" content=\"summary_large_image\" \/>\n<meta name=\"twitter:label1\" content=\"Gesch\u00e4tzte Lesezeit\" \/>\n\t<meta name=\"twitter:data1\" content=\"2\u00a0Minuten\" \/>\n<script type=\"application\/ld+json\" class=\"yoast-schema-graph\">{\"@context\":\"https:\/\/schema.org\",\"@graph\":[{\"@type\":\"WebPage\",\"@id\":\"https:\/\/therapie-ori.de\/\",\"url\":\"https:\/\/therapie-ori.de\/\",\"name\":\"Startseite -\",\"isPartOf\":{\"@id\":\"https:\/\/therapie-ori.de\/#website\"},\"primaryImageOfPage\":{\"@id\":\"https:\/\/therapie-ori.de\/#primaryimage\"},\"image\":{\"@id\":\"https:\/\/therapie-ori.de\/#primaryimage\"},\"thumbnailUrl\":\"https:\/\/therapie-ori.de\/wp-content\/uploads\/2023\/02\/header2-2.jpg\",\"datePublished\":\"2023-02-10T17:22:40+00:00\",\"dateModified\":\"2023-07-18T12:19:25+00:00\",\"breadcrumb\":{\"@id\":\"https:\/\/therapie-ori.de\/#breadcrumb\"},\"inLanguage\":\"de\",\"potentialAction\":[{\"@type\":\"ReadAction\",\"target\":[\"https:\/\/therapie-ori.de\/\"]}]},{\"@type\":\"ImageObject\",\"inLanguage\":\"de\",\"@id\":\"https:\/\/therapie-ori.de\/#primaryimage\",\"url\":\"https:\/\/therapie-ori.de\/wp-content\/uploads\/2023\/02\/header2-2.jpg\",\"contentUrl\":\"https:\/\/therapie-ori.de\/wp-content\/uploads\/2023\/02\/header2-2.jpg\",\"width\":800,\"height\":81},{\"@type\":\"BreadcrumbList\",\"@id\":\"https:\/\/therapie-ori.de\/#breadcrumb\",\"itemListElement\":[{\"@type\":\"ListItem\",\"position\":1,\"name\":\"Startseite\",\"item\":\"https:\/\/therapie-ori.de\/\"},{\"@type\":\"ListItem\",\"position\":2,\"name\":\"Startseite\"}]},{\"@type\":\"WebSite\",\"@id\":\"https:\/\/therapie-ori.de\/#website\",\"url\":\"https:\/\/therapie-ori.de\/\",\"name\":\"\",\"description\":\"\",\"potentialAction\":[{\"@type\":\"SearchAction\",\"target\":{\"@type\":\"EntryPoint\",\"urlTemplate\":\"https:\/\/therapie-ori.de\/?s={search_term_string}\"},\"query-input\":{\"@type\":\"PropertyValueSpecification\",\"valueRequired\":true,\"valueName\":\"search_term_string\"}}],\"inLanguage\":\"de\"}]}<\/script>\n<!-- \/ Yoast SEO plugin. -->","yoast_head_json":{"title":"Startseite -","robots":{"index":"index","follow":"follow","max-snippet":"max-snippet:-1","max-image-preview":"max-image-preview:large","max-video-preview":"max-video-preview:-1"},"canonical":"https:\/\/therapie-ori.de\/","og_locale":"de_DE","og_type":"article","og_title":"Startseite -","og_description":"Herzlich willkommenauf unserer Homepage! Unsere Praxisgemeinschaft besteht seit Februar 2006 und ist in Oberriexingen und Umgebung gut bekannt. Als Ergotherapeutin, Physiotherapeut:innen und Heilpraktikerin legen wir Wert auf Ihre pers\u00f6nliche Betreuung. Wir behandeln Sie spezifisch oder auch gemeinsam in Erg\u00e4nzung der M\u00f6glichkeiten unserer Therapieformen. Ergotherapeutische Praxis Karin Hillig-RuhlandTel.: 07042 917315 &#8211;&gt; zur Praxisseite Praxis f\u00fcr PhysiotherapiePraxis&hellip;&nbsp;Weiterlesen &raquo;Startseite","og_url":"https:\/\/therapie-ori.de\/","article_modified_time":"2023-07-18T12:19:25+00:00","og_image":[{"url":"https:\/\/therapie-ori.de\/wp-content\/uploads\/2023\/02\/header2-2.jpg","type":"","width":"","height":""}],"twitter_card":"summary_large_image","twitter_misc":{"Gesch\u00e4tzte Lesezeit":"2\u00a0Minuten"},"schema":{"@context":"https:\/\/schema.org","@graph":[{"@type":"WebPage","@id":"https:\/\/therapie-ori.de\/","url":"https:\/\/therapie-ori.de\/","name":"Startseite -","isPartOf":{"@id":"https:\/\/therapie-ori.de\/#website"},"primaryImageOfPage":{"@id":"https:\/\/therapie-ori.de\/#primaryimage"},"image":{"@id":"https:\/\/therapie-ori.de\/#primaryimage"},"thumbnailUrl":"https:\/\/therapie-ori.de\/wp-content\/uploads\/2023\/02\/header2-2.jpg","datePublished":"2023-02-10T17:22:40+00:00","dateModified":"2023-07-18T12:19:25+00:00","breadcrumb":{"@id":"https:\/\/therapie-ori.de\/#breadcrumb"},"inLanguage":"de","potentialAction":[{"@type":"ReadAction","target":["https:\/\/therapie-ori.de\/"]}]},{"@type":"ImageObject","inLanguage":"de","@id":"https:\/\/therapie-ori.de\/#primaryimage","url":"https:\/\/therapie-ori.de\/wp-content\/uploads\/2023\/02\/header2-2.jpg","contentUrl":"https:\/\/therapie-ori.de\/wp-content\/uploads\/2023\/02\/header2-2.jpg","width":800,"height":81},{"@type":"BreadcrumbList","@id":"https:\/\/therapie-ori.de\/#breadcrumb","itemListElement":[{"@type":"ListItem","position":1,"name":"Startseite","item":"https:\/\/therapie-ori.de\/"},{"@type":"ListItem","position":2,"name":"Startseite"}]},{"@type":"WebSite","@id":"https:\/\/therapie-ori.de\/#website","url":"https:\/\/therapie-ori.de\/","name":"","description":"","potentialAction":[{"@type":"SearchAction","target":{"@type":"EntryPoint","urlTemplate":"https:\/\/therapie-ori.de\/?s={search_term_string}"},"query-input":{"@type":"PropertyValueSpecification","valueRequired":true,"valueName":"search_term_string"}}],"inLanguage":"de"}]}},"_links":{"self":[{"href":"https:\/\/therapie-ori.de\/index.php\/wp-json\/wp\/v2\/pages\/135","targetHints":{"allow":["GET"]}}],"collection":[{"href":"https:\/\/therapie-ori.de\/index.php\/wp-json\/wp\/v2\/pages"}],"about":[{"href":"https:\/\/therapie-ori.de\/index.php\/wp-json\/wp\/v2\/types\/page"}],"author":[{"embeddable":true,"href":"https:\/\/therapie-ori.de\/index.php\/wp-json\/wp\/v2\/users\/1"}],"replies":[{"embeddable":true,"href":"https:\/\/therapie-ori.de\/index.php\/wp-json\/wp\/v2\/comments?post=135"}],"version-history":[{"count":49,"href":"https:\/\/therapie-ori.de\/index.php\/wp-json\/wp\/v2\/pages\/135\/revisions"}],"predecessor-version":[{"id":1167,"href":"https:\/\/therapie-ori.de\/index.php\/wp-json\/wp\/v2\/pages\/135\/revisions\/1167"}],"wp:attachment":[{"href":"https:\/\/therapie-ori.de\/index.php\/wp-json\/wp\/v2\/media?parent=135"}],"curies":[{"name":"wp","href":"https:\/\/api.w.org\/{rel}","templated":true}]}}